{"id":1240,"date":"2023-12-01T13:16:10","date_gmt":"2023-12-01T12:16:10","guid":{"rendered":"https:\/\/www.pharca.com\/blisterverpackungen\/"},"modified":"2025-05-22T08:11:27","modified_gmt":"2025-05-22T06:11:27","slug":"blisterverpackungen","status":"publish","type":"page","link":"https:\/\/www.pharca.com\/de\/verpackungssysteme\/blisterverpackungen\/","title":{"rendered":"Blisterverpackungen"},"content":{"rendered":"<p>[et_pb_section fb_built=&#8221;1&#8243; module_class=&#8221;hero-overlapping-background&#8221; _builder_version=&#8221;4.23.1&#8243; _module_preset=&#8221;default&#8221; custom_margin=&#8221;100px||||false|false&#8221; global_colors_info=&#8221;{}&#8221;][et_pb_row column_structure=&#8221;3_4,1_4&#8243; make_equal=&#8221;on&#8221; _builder_version=&#8221;4.27.4&#8243; _module_preset=&#8221;default&#8221; min_height=&#8221;500px&#8221; min_height_tablet=&#8221;300px&#8221; min_height_phone=&#8221;300px&#8221; min_height_last_edited=&#8221;on|tablet&#8221; hover_enabled=&#8221;0&#8243; custom_css_free_form=&#8221;.et_pb_row::after{||  background-image:url(%22\/\/pharca-19a5a.kxcdn.com\/wp-content\/uploads\/2023\/12\/kopfmedia_pharca_blister_2000_1.152.webp%22);||}&#8221; dvmd_acat_aria_label=&#8221;Explosionszeichnung einer pharca-Medizinverpackung mit allen Bestandteilen&#8221; global_colors_info=&#8221;{}&#8221; sticky_enabled=&#8221;0&#8243;][et_pb_column type=&#8221;3_4&#8243; _builder_version=&#8221;4.22.2&#8243; _module_preset=&#8221;default&#8221; global_colors_info=&#8221;{}&#8221;][et_pb_text content_tablet=&#8221;<\/p>\n<h1>Blister<\/h1>\n<h1>verpackungen<\/h1>\n<p>&#8221; content_phone=&#8221;<\/p>\n<h1>Blister<br \/>\nverpack<br \/>\nungen<\/h1>\n<p>&#8221; content_last_edited=&#8221;on|phone&#8221; _builder_version=&#8221;4.23.4&#8243; _module_preset=&#8221;default&#8221; header_text_color=&#8221;gcid-78e316dc-3ec4-449b-ab5e-4342817d2b26&#8243; header_6_font=&#8221;|||on|||||&#8221; max_width=&#8221;100%&#8221; max_width_tablet=&#8221;100%&#8221; max_width_phone=&#8221;38%&#8221; max_width_last_edited=&#8221;on|phone&#8221; global_colors_info=&#8221;{%22gcid-78e316dc-3ec4-449b-ab5e-4342817d2b26%22:%91%22header_text_color%22%93}&#8221;]<\/p>\n<h1>Blister<\/h1>\n<h1>verpackungen<\/h1>\n<p>[\/et_pb_text][\/et_pb_column][et_pb_column type=&#8221;1_4&#8243; _builder_version=&#8221;4.22.2&#8243; _module_preset=&#8221;default&#8221; global_colors_info=&#8221;{}&#8221;][\/et_pb_column][\/et_pb_row][\/et_pb_section][et_pb_section fb_built=&#8221;1&#8243; custom_padding_last_edited=&#8221;on|phone&#8221; _builder_version=&#8221;4.24.2&#8243; _module_preset=&#8221;default&#8221; custom_padding_tablet=&#8221;&#8221; custom_padding_phone=&#8221;0px||0px||false|false&#8221; global_colors_info=&#8221;{}&#8221;][et_pb_row column_structure=&#8221;1_2,1_2&#8243; _builder_version=&#8221;4.22.2&#8243; _module_preset=&#8221;default&#8221; global_colors_info=&#8221;{}&#8221;][et_pb_column type=&#8221;1_2&#8243; _builder_version=&#8221;4.22.2&#8243; _module_preset=&#8221;default&#8221; global_colors_info=&#8221;{}&#8221;][et_pb_text _builder_version=&#8221;4.23.1&#8243; _module_preset=&#8221;default&#8221; header_2_text_color=&#8221;gcid-78e316dc-3ec4-449b-ab5e-4342817d2b26&#8243; global_colors_info=&#8221;{%22gcid-78e316dc-3ec4-449b-ab5e-4342817d2b26%22:%91%22header_2_text_color%22%93}&#8221;]<\/p>\n<h2><span>Blister Verpackung: Un\u00fcbertroffene Leistung und Zuverl\u00e4ssigkeit in der Gesundheitsversorgung<\/span><\/h2>\n<p>[\/et_pb_text][\/et_pb_column][et_pb_column type=&#8221;1_2&#8243; _builder_version=&#8221;4.22.2&#8243; _module_preset=&#8221;default&#8221; global_colors_info=&#8221;{}&#8221;][et_pb_text _builder_version=&#8221;4.23.1&#8243; _module_preset=&#8221;default&#8221; global_colors_info=&#8221;{}&#8221;]<\/p>\n<p><span>Unsere Blisterverpackungen bieten<\/span> eine hochwertige Optik und herausragende Performance, ideal f\u00fcr eine Vielzahl medizintechnischer Produkte, von schweren bis zu verschieden geformten Artikeln. Sie zeichnen sich durch ein aufger\u00e4umtes Erscheinungsbild aus und sind besonders effizient in der Automatisierung, was sie ideal f\u00fcr gr\u00f6\u00dfere St\u00fcckzahlen macht. Zus\u00e4tzlich entwickeln wir passende Schutzverpackungen, die den Blister w\u00e4hrend des Transports optimal sch\u00fctzen und somit eine umfassende, sichere und effiziente Verpackungsl\u00f6sung f\u00fcr Ihre medizintechnischen Produkte gew\u00e4hrleisten.<\/p>\n<p>[\/et_pb_text][\/et_pb_column][\/et_pb_row][et_pb_row column_structure=&#8221;1_3,1_3,1_3&#8243; _builder_version=&#8221;4.22.2&#8243; _module_preset=&#8221;default&#8221; global_colors_info=&#8221;{}&#8221;][et_pb_column type=&#8221;1_3&#8243; _builder_version=&#8221;4.22.2&#8243; _module_preset=&#8221;default&#8221; global_colors_info=&#8221;{}&#8221;][et_pb_code _builder_version=&#8221;4.27.4&#8243; _module_preset=&#8221;default&#8221; background_image=&#8221;https:\/\/pharca-19a5a.kxcdn.com\/wp-content\/uploads\/2023\/12\/kopfmedia_pharca_blister_2000_5.160.webp&#8221; min_height=&#8221;500px&#8221; min_height_tablet=&#8221;500px&#8221; min_height_phone=&#8221;300px&#8221; min_height_last_edited=&#8221;on|phone&#8221; hover_enabled=&#8221;0&#8243; dvmd_acat_aria_label=&#8221;Darstellung einer ge\u00f6ffneten pharca-Verpackung mit freigelegten medizinischen Instrumenten&#8221; border_radii=&#8221;on|30px|30px|30px|30px&#8221; global_colors_info=&#8221;{}&#8221; sticky_enabled=&#8221;0&#8243;][\/et_pb_code][\/et_pb_column][et_pb_column type=&#8221;1_3&#8243; _builder_version=&#8221;4.22.2&#8243; _module_preset=&#8221;default&#8221; global_colors_info=&#8221;{}&#8221;][et_pb_code _builder_version=&#8221;4.27.4&#8243; _module_preset=&#8221;default&#8221; background_image=&#8221;https:\/\/pharca-19a5a.kxcdn.com\/wp-content\/uploads\/2023\/12\/kopfmedia_pharca_blister_2000_3.156.webp&#8221; min_height=&#8221;500px&#8221; min_height_tablet=&#8221;500px&#8221; min_height_phone=&#8221;300px&#8221; min_height_last_edited=&#8221;on|phone&#8221; hover_enabled=&#8221;0&#8243; dvmd_acat_aria_label=&#8221;Geschlossene pharca-Verpackung mit transparenter Abdeckung und sichtbaren Instrumenten&#8221; border_radii=&#8221;on|30px|30px|30px|30px&#8221; global_colors_info=&#8221;{}&#8221; sticky_enabled=&#8221;0&#8243;][\/et_pb_code][\/et_pb_column][et_pb_column type=&#8221;1_3&#8243; _builder_version=&#8221;4.23.1&#8243; _module_preset=&#8221;default&#8221; global_colors_info=&#8221;{}&#8221;][et_pb_code _builder_version=&#8221;4.27.4&#8243; _module_preset=&#8221;default&#8221; background_image=&#8221;https:\/\/pharca-19a5a.kxcdn.com\/wp-content\/uploads\/2023\/12\/kopfmedia_pharca_blister_8000_4.158.webp&#8221; min_height=&#8221;500px&#8221; hover_enabled=&#8221;0&#8243; dvmd_acat_aria_label=&#8221;Detailansicht einer ge\u00f6ffneten pharca-Verpackung mit sch\u00fctzender Versiegelung&#8221; border_radii=&#8221;on|30px|30px|30px|30px&#8221; global_colors_info=&#8221;{}&#8221; sticky_enabled=&#8221;0&#8243;][\/et_pb_code][\/et_pb_column][\/et_pb_row][et_pb_row _builder_version=&#8221;4.22.2&#8243; _module_preset=&#8221;default&#8221; global_colors_info=&#8221;{}&#8221;][et_pb_column type=&#8221;4_4&#8243; _builder_version=&#8221;4.22.2&#8243; _module_preset=&#8221;default&#8221; global_colors_info=&#8221;{}&#8221;][et_pb_code _builder_version=&#8221;4.27.4&#8243; _module_preset=&#8221;default&#8221; background_image=&#8221;https:\/\/pharca-19a5a.kxcdn.com\/wp-content\/uploads\/2023\/12\/kopfmedia_pharca_blister_8000_2.154.webp&#8221; min_height=&#8221;400px&#8221; min_height_tablet=&#8221;400px&#8221; min_height_phone=&#8221;164px&#8221; min_height_last_edited=&#8221;on|phone&#8221; hover_enabled=&#8221;0&#8243; dvmd_acat_aria_label=&#8221;Explosionsdarstellung einer pharca-Verpackung mit allen Komponenten&#8221; border_radii=&#8221;on|30px|30px|30px|30px&#8221; global_colors_info=&#8221;{}&#8221; sticky_enabled=&#8221;0&#8243;][\/et_pb_code][\/et_pb_column][\/et_pb_row][\/et_pb_section][et_pb_section fb_built=&#8221;1&#8243; custom_padding_last_edited=&#8221;on|phone&#8221; _builder_version=&#8221;4.24.2&#8243; _module_preset=&#8221;default&#8221; custom_padding_tablet=&#8221;&#8221; custom_padding_phone=&#8221;0px||0px||false|false&#8221; global_colors_info=&#8221;{}&#8221;][et_pb_row column_structure=&#8221;1_3,1_3,1_3&#8243; _builder_version=&#8221;4.22.2&#8243; _module_preset=&#8221;default&#8221; global_colors_info=&#8221;{}&#8221;][et_pb_column type=&#8221;1_3&#8243; _builder_version=&#8221;4.22.2&#8243; _module_preset=&#8221;default&#8221; global_colors_info=&#8221;{}&#8221;][et_pb_text _builder_version=&#8221;4.23.1&#8243; _module_preset=&#8221;default&#8221; global_colors_info=&#8221;{}&#8221;]<\/p>\n<h3>Stilvolle und sichere Blisterverpackung<\/h3>\n<p>Blisterverpackungen bieten eine hochwertige Optik, die Ihre medizintechnischen Produkte hervorhebt. Sie sind nicht nur optisch ansprechend, sondern sch\u00fctzen Ihre Produkte effektiv. Diese Verpackungsart stellt sicher, dass Ihre Produkte sicher und stilvoll pr\u00e4sentiert werden.<\/p>\n<p>[\/et_pb_text][\/et_pb_column][et_pb_column type=&#8221;1_3&#8243; _builder_version=&#8221;4.22.2&#8243; _module_preset=&#8221;default&#8221; global_colors_info=&#8221;{}&#8221;][et_pb_text _builder_version=&#8221;4.23.1&#8243; _module_preset=&#8221;default&#8221; global_colors_info=&#8221;{}&#8221;]<\/p>\n<h3>Starke Leistung f\u00fcr schwere Produkte<\/h3>\n<p>Blisterverpackungen sind ideal f\u00fcr schwerere medizintechnische Produkte, da sie eine sehr gute Performance bieten. Sie kombinieren Robustheit mit Flexibilit\u00e4t, um auch anspruchsvolle Produkte sicher zu verpacken. Diese Verpackungen sind eine zuverl\u00e4ssige L\u00f6sung f\u00fcr anspruchsvolle Anwendungen.<\/p>\n<p>[\/et_pb_text][\/et_pb_column][et_pb_column type=&#8221;1_3&#8243; _builder_version=&#8221;4.22.2&#8243; _module_preset=&#8221;default&#8221; global_colors_info=&#8221;{}&#8221;][et_pb_text _builder_version=&#8221;4.23.1&#8243; _module_preset=&#8221;default&#8221; global_colors_info=&#8221;{}&#8221;]<\/p>\n<h3><span>Klare Linien, aufger\u00e4umte Optik<\/span><\/h3>\n<p>Blisterverpackungen zeichnen sich durch ein aufger\u00e4umtes Erscheinungsbild aus. Sie bieten eine klare und strukturierte Pr\u00e4sentation Ihrer Produkte. Diese Art der Verpackung sorgt f\u00fcr eine ansprechende und ordentliche Produktpr\u00e4sentation.<\/p>\n<p>[\/et_pb_text][\/et_pb_column][\/et_pb_row][et_pb_row column_structure=&#8221;1_3,1_3,1_3&#8243; _builder_version=&#8221;4.22.2&#8243; _module_preset=&#8221;default&#8221; global_colors_info=&#8221;{}&#8221;][et_pb_column type=&#8221;1_3&#8243; _builder_version=&#8221;4.22.2&#8243; _module_preset=&#8221;default&#8221; global_colors_info=&#8221;{}&#8221;][et_pb_text _builder_version=&#8221;4.23.1&#8243; _module_preset=&#8221;default&#8221; global_colors_info=&#8221;{}&#8221;]<\/p>\n<h3>Vielseitige Verpackungsoptionen<\/h3>\n<p>Durch generische Au\u00dfenblister k\u00f6nnen unterschiedlich geformte Innenblister eingesetzt werden. Diese Flexibilit\u00e4t erm\u00f6glicht eine vielseitige Nutzung f\u00fcr verschiedene Produktformen. Blisterverpackungen bieten somit eine anpassungsf\u00e4hige L\u00f6sung f\u00fcr diverse medizintechnische Produkte.<\/p>\n<p>[\/et_pb_text][\/et_pb_column][et_pb_column type=&#8221;1_3&#8243; _builder_version=&#8221;4.22.2&#8243; _module_preset=&#8221;default&#8221; global_colors_info=&#8221;{}&#8221;][et_pb_text _builder_version=&#8221;4.23.1&#8243; _module_preset=&#8221;default&#8221; global_colors_info=&#8221;{}&#8221;]<\/p>\n<h3>Effizienz in der Massenproduktion<\/h3>\n<p>Blisterverpackungen sind ideal bei gr\u00f6\u00dferen St\u00fcckzahlen, da sie eine hervorragende Automatisierungstechnik erm\u00f6glichen. Diese Verpackungsart steigert die Effizienz in der Produktion und Verpackung. Sie ist eine kosteneffektive L\u00f6sung f\u00fcr die Massenproduktion.<\/p>\n<p>[\/et_pb_text][\/et_pb_column][et_pb_column type=&#8221;1_3&#8243; _builder_version=&#8221;4.22.2&#8243; _module_preset=&#8221;default&#8221; global_colors_info=&#8221;{}&#8221;][et_pb_text _builder_version=&#8221;4.23.1&#8243; _module_preset=&#8221;default&#8221; global_colors_info=&#8221;{}&#8221;]<\/p>\n<h3>Weichblister in der Automatisierung<\/h3>\n<p>Blisterverpackungen k\u00f6nnen auch als Weichblister in einer automatisierten Form Fill Seal (FFS) Anlage genutzt werden. Diese Flexibilit\u00e4t erm\u00f6glicht eine effiziente und schnelle Verpackung. Weichblister bieten eine praktische L\u00f6sung f\u00fcr automatisierte Verpackungsprozesse.<\/p>\n<p>[\/et_pb_text][\/et_pb_column][\/et_pb_row][\/et_pb_section][et_pb_section fb_built=&#8221;1&#8243; custom_padding_last_edited=&#8221;on|phone&#8221; _builder_version=&#8221;4.24.2&#8243; _module_preset=&#8221;default&#8221; custom_padding_tablet=&#8221;&#8221; custom_padding_phone=&#8221;0px||0px||false|false&#8221; global_colors_info=&#8221;{}&#8221;][et_pb_row _builder_version=&#8221;4.22.2&#8243; _module_preset=&#8221;default&#8221; global_colors_info=&#8221;{}&#8221;][et_pb_column type=&#8221;4_4&#8243; _builder_version=&#8221;4.22.2&#8243; _module_preset=&#8221;default&#8221; global_colors_info=&#8221;{}&#8221;][et_pb_text _builder_version=&#8221;4.23.1&#8243; _module_preset=&#8221;default&#8221; header_2_text_color=&#8221;gcid-78e316dc-3ec4-449b-ab5e-4342817d2b26&#8243; global_colors_info=&#8221;{%22gcid-78e316dc-3ec4-449b-ab5e-4342817d2b26%22:%91%22header_2_text_color%22%93}&#8221;]<\/p>\n<h2 style=\"text-align: center;\">\u00a0Erleben Sie au\u00dfergew\u00f6hnliche Qualit\u00e4t mit unseren Blisterverpackungen &#8211; Holen Sie sich noch heute Ihr Muster<\/h2>\n<p>[\/et_pb_text][et_pb_text _builder_version=&#8221;4.23.1&#8243; _module_preset=&#8221;default&#8221; global_colors_info=&#8221;{}&#8221;]<\/p>\n<p style=\"text-align: center;\"><a href=\"https:\/\/www.pharca.com\/de\/kontakt\/\" class=\"btn-link\">Holen Sie sich jetzt Ihr Muster<\/a><\/p>\n<p>[\/et_pb_text][\/et_pb_column][\/et_pb_row][\/et_pb_section][et_pb_section fb_built=&#8221;1&#8243; custom_padding_last_edited=&#8221;on|phone&#8221; _builder_version=&#8221;4.24.2&#8243; _module_preset=&#8221;default&#8221; custom_padding_tablet=&#8221;&#8221; custom_padding_phone=&#8221;0px||0px||false|false&#8221; locked=&#8221;off&#8221; global_colors_info=&#8221;{}&#8221;][et_pb_row column_structure=&#8221;1_2,1_2&#8243; use_custom_gutter=&#8221;on&#8221; gutter_width=&#8221;1&#8243; make_equal=&#8221;on&#8221; _builder_version=&#8221;4.22.2&#8243; _module_preset=&#8221;default&#8221; custom_margin=&#8221;50px||50px||true|false&#8221; global_colors_info=&#8221;{}&#8221;][et_pb_column type=&#8221;1_2&#8243; _builder_version=&#8221;4.22.2&#8243; _module_preset=&#8221;default&#8221; custom_padding=&#8221;20px||20px||true|false&#8221; global_colors_info=&#8221;{}&#8221;][et_pb_text _builder_version=&#8221;4.27.4&#8243; _module_preset=&#8221;default&#8221; text_text_color=&#8221;#40c1ac&#8221; header_2_text_color=&#8221;gcid-78e316dc-3ec4-449b-ab5e-4342817d2b26&#8243; width=&#8221;90%&#8221; custom_margin=&#8221;||10px||false|false&#8221; global_colors_info=&#8221;{%22gcid-78e316dc-3ec4-449b-ab5e-4342817d2b26%22:%91%22header_2_text_color%22%93}&#8221;]<\/p>\n<h2 style=\"color: #40c1ac;\">Fachkundige Beratung ma\u00dfgeschneidert auf Ihre Verpackungsbed\u00fcrfnisse.<\/h2>\n<p>[\/et_pb_text][et_pb_text _builder_version=&#8221;4.23.1&#8243; _module_preset=&#8221;default&#8221; min_height=&#8221;13.8px&#8221; global_colors_info=&#8221;{}&#8221;]<\/p>\n<p style=\"text-align: left;\"><a href=\"https:\/\/www.pharca.com\/de\/kontakt\/\" class=\"btn-link \">Kontakt aufnehmen<\/a><\/p>\n<p>[\/et_pb_text][\/et_pb_column][et_pb_column type=&#8221;1_2&#8243; _builder_version=&#8221;4.22.2&#8243; _module_preset=&#8221;default&#8221; custom_padding=&#8221;20px||20px||true|false&#8221; global_colors_info=&#8221;{}&#8221;][et_pb_code _builder_version=&#8221;4.27.4&#8243; _module_preset=&#8221;default&#8221; hover_enabled=&#8221;0&#8243; dvmd_acat_aria_label=&#8221;Christian Heizmann, CEO &#038; Founder, und Maximilian Br\u00fcckmann, Senior Consultant bei pharca&#8221; locked=&#8221;off&#8221; global_colors_info=&#8221;{}&#8221; sticky_enabled=&#8221;0&#8243;]<div id=\"vue-wordpress-app-9978aa90-2d1c-42f8-90a9-34b3248bf084\" data-app-url=\"https:\/\/www.pharca.com\" data-fcaptcha-sitekey=\"FCMHA65IB4VEF0DF\" data-component=\"contact-section\" data-lang=\"de\"><\/div>[\/et_pb_code][\/et_pb_column][\/et_pb_row][\/et_pb_section]<\/p>\n","protected":false},"excerpt":{"rendered":"<p>Blister verpackungenBlister Verpackung: Un\u00fcbertroffene Leistung und Zuverl\u00e4ssigkeit in der GesundheitsversorgungUnsere Blisterverpackungen bieten eine hochwertige Optik und herausragende Performance, ideal f\u00fcr eine Vielzahl medizintechnischer Produkte, von schweren bis zu verschieden geformten Artikeln. Sie zeichnen sich durch ein aufger\u00e4umtes Erscheinungsbild aus und sind besonders effizient in der Automatisierung, was sie ideal f\u00fcr gr\u00f6\u00dfere St\u00fcckzahlen macht. Zus\u00e4tzlich entwickeln [&hellip;]<\/p>\n","protected":false},"author":1,"featured_media":1132,"parent":1220,"menu_order":0,"comment_status":"closed","ping_status":"closed","template":"","meta":{"_acf_changed":false,"_et_pb_use_builder":"on","_et_pb_old_content":"","_et_gb_content_width":"","inline_featured_image":false,"footnotes":""},"categories":[],"tags":[32],"class_list":["post-1240","page","type-page","status-publish","has-post-thumbnail","hentry","tag-applications-de"],"acf":[],"tag_names":["Verpackungssysteme"],"category_names":[],"thumbnail":"https:\/\/pharca-19a5a.kxcdn.com\/wp-content\/uploads\/2023\/12\/kopfmedia_pharca_blister_2000_1.152_2.jpg","_links":{"self":[{"href":"https:\/\/www.pharca.com\/de\/wp-json\/wp\/v2\/pages\/1240","targetHints":{"allow":["GET"]}}],"collection":[{"href":"https:\/\/www.pharca.com\/de\/wp-json\/wp\/v2\/pages"}],"about":[{"href":"https:\/\/www.pharca.com\/de\/wp-json\/wp\/v2\/types\/page"}],"author":[{"embeddable":true,"href":"https:\/\/www.pharca.com\/de\/wp-json\/wp\/v2\/users\/1"}],"replies":[{"embeddable":true,"href":"https:\/\/www.pharca.com\/de\/wp-json\/wp\/v2\/comments?post=1240"}],"version-history":[{"count":15,"href":"https:\/\/www.pharca.com\/de\/wp-json\/wp\/v2\/pages\/1240\/revisions"}],"predecessor-version":[{"id":2502,"href":"https:\/\/www.pharca.com\/de\/wp-json\/wp\/v2\/pages\/1240\/revisions\/2502"}],"up":[{"embeddable":true,"href":"https:\/\/www.pharca.com\/de\/wp-json\/wp\/v2\/pages\/1220"}],"wp:featuredmedia":[{"embeddable":true,"href":"https:\/\/www.pharca.com\/de\/wp-json\/wp\/v2\/media\/1132"}],"wp:attachment":[{"href":"https:\/\/www.pharca.com\/de\/wp-json\/wp\/v2\/media?parent=1240"}],"wp:term":[{"taxonomy":"category","embeddable":true,"href":"https:\/\/www.pharca.com\/de\/wp-json\/wp\/v2\/categories?post=1240"},{"taxonomy":"post_tag","embeddable":true,"href":"https:\/\/www.pharca.com\/de\/wp-json\/wp\/v2\/tags?post=1240"}],"curies":[{"name":"wp","href":"https:\/\/api.w.org\/{rel}","templated":true}]}}